{"id":285,"date":"2022-06-30T17:00:24","date_gmt":"2022-06-30T15:00:24","guid":{"rendered":"https:\/\/albarracinturismo.com\/eventos\/actividades\/p\/"},"modified":"2025-09-25T11:09:50","modified_gmt":"2025-09-25T09:09:50","slug":"berrea-bajo-las-estrellas","status":"publish","type":"mec-events","link":"https:\/\/albarracinturismo.com\/eventos\/actividades\/berrea-bajo-las-estrellas\/","title":{"rendered":"BERREA BAJO LAS ESTRELLAS"},"content":{"rendered":"\n<p class=\"wp-block-paragraph\">El sonido de la berrea del ciervo en los bosques de la Sierra de Albarrac\u00edn al comienzo de oto\u00f1o es estremecedor; los bramidos reverberan en toda la foresta alternando con el choque de las cuernas&nbsp; provocando sensaciones \u00fanicas en quienes los escuchan. La evocaci\u00f3n del&nbsp; rito ancestral del apareamiento animal, la sensaci\u00f3n de comulgar con la naturaleza e incluso el temor a lo desconocido se entremezclan.<\/p>\n\n\n\n<p class=\"wp-block-paragraph\">El escenario elegido por estos animales, fundamentalmente robledales que comienzan a tornarse rojizos, el atardecer&nbsp; previo a la noche estrellada y limpia de la Sierra de Albarrac\u00edn magnifican la experiencia.<\/p>\n\n\n\n<figure class=\"wp-block-image size-large\"><img loading=\"lazy\" decoding=\"async\" width=\"950\" height=\"634\" src=\"https:\/\/albarracinturismo.com\/eventos\/\/wp-content\/uploads\/2022\/06\/WhatsApp-Image-2025-09-09-at-18.18.32-950x634.jpeg\" alt=\"\" class=\"wp-image-2469\" srcset=\"https:\/\/albarracinturismo.com\/eventos\/\/wp-content\/uploads\/2022\/06\/WhatsApp-Image-2025-09-09-at-18.18.32-950x634.jpeg 950w, https:\/\/albarracinturismo.com\/eventos\/\/wp-content\/uploads\/2022\/06\/WhatsApp-Image-2025-09-09-at-18.18.32-450x300.jpeg 450w, https:\/\/albarracinturismo.com\/eventos\/\/wp-content\/uploads\/2022\/06\/WhatsApp-Image-2025-09-09-at-18.18.32-768x512.jpeg 768w, https:\/\/albarracinturismo.com\/eventos\/\/wp-content\/uploads\/2022\/06\/WhatsApp-Image-2025-09-09-at-18.18.32-391x260.jpeg 391w, https:\/\/albarracinturismo.com\/eventos\/\/wp-content\/uploads\/2022\/06\/WhatsApp-Image-2025-09-09-at-18.18.32-1536x1024.jpeg 1536w, https:\/\/albarracinturismo.com\/eventos\/\/wp-content\/uploads\/2022\/06\/WhatsApp-Image-2025-09-09-at-18.18.32-600x400.jpeg 600w, https:\/\/albarracinturismo.com\/eventos\/\/wp-content\/uploads\/2022\/06\/WhatsApp-Image-2025-09-09-at-18.18.32-150x100.jpeg 150w, https:\/\/albarracinturismo.com\/eventos\/\/wp-content\/uploads\/2022\/06\/WhatsApp-Image-2025-09-09-at-18.18.32.jpeg 1600w\" sizes=\"auto, (max-width: 950px) 100vw, 950px\" \/><\/figure>\n\n\n\n<p class=\"has-text-align-center has-small-font-size wp-block-paragraph\">\u00a9 Daniel Bur\u00f3n<\/p>\n\n\n\n<div class=\"wp-block-columns is-layout-flex wp-container-core-columns-is-layout-8f761849 wp-block-columns-is-layout-flex\">\n<div class=\"wp-block-column is-layout-flow wp-block-column-is-layout-flow\" style=\"flex-basis:100%\"><\/div>\n<\/div>\n\n\n\n<h5 class=\"wp-block-heading\">Y estas sensaciones son las que queremos que vivas con nosotros, a trav\u00e9s de esta&nbsp; experiencia que hemos organizado para ti: Berrea bajo las estrellas.<\/h5>\n\n\n\n<h2 class=\"wp-block-heading\">Informaci\u00f3n&nbsp; Berrea bajo las estrellas<\/h2>\n\n\n\n<h4 class=\"wp-block-heading\">\u00bfA qui\u00e9n va dirigido?<\/h4>\n\n\n\n<p class=\"wp-block-paragraph\">Personas,&nbsp;<strong>preferentemente a partir de 10 a\u00f1os<\/strong>,&nbsp; interesadas en el disfrute del&nbsp; medio natural, su fauna y sus cielos.<\/p>\n\n\n\n<p class=\"wp-block-paragraph\">La escucha de la berrea requiere el mayor silencio posible para no molestar a los ciervos, por lo que&nbsp;<strong>no es una actividad recomendada para ni\u00f1os peque\u00f1os.<\/strong> <strong>Tampoco es adecuada para mascotas. <\/strong><\/p>\n\n\n\n<h4 class=\"wp-block-heading\">Fechas:<\/h4>\n\n\n\n<ul class=\"wp-block-list\">\n<li><strong>17, 18 y 19  de septiembre de 2025<\/strong><\/li>\n\n\n\n<li><strong>24, 25 y 26 de septiembre de 2025<\/strong><\/li>\n<\/ul>\n\n\n\n<p class=\"wp-block-paragraph\">Seleccionar al reservar el tramo de fechas elegido. <\/p>\n\n\n\n<h4 class=\"wp-block-heading\">Lugar:<\/h4>\n\n\n<div class=\"wp-block-image\">\n<figure class=\"alignright is-resized\"><a href=\"https:\/\/albarracinturismo.com\/wp-content\/uploads\/2020\/09\/pareja-1.jpg\"><img decoding=\"async\" src=\"https:\/\/albarracinturismo.com\/wp-content\/uploads\/2020\/09\/pareja-1-600x900.jpg\" alt=\"\" class=\"wp-image-6599\" style=\"aspect-ratio:0.6680161943319838;width:251px;height:auto\"\/><\/a><\/figure>\n<\/div>\n\n\n<p class=\"wp-block-paragraph\">Las actividades se realizar\u00e1n entre los t\u00e9rminos de Tramacastilla y otros lugares por determinar, en la Sierra de Albarrac\u00edn (Teruel).&nbsp;<\/p>\n\n\n\n<p class=\"wp-block-paragraph\">Puede haber alguna modificaci\u00f3n por cuestiones de organizaci\u00f3n que ser\u00e1 previamente avisada a las personas participantes.<\/p>\n\n\n\n<p class=\"wp-block-paragraph\"><\/p>\n\n\n\n<p class=\"wp-block-paragraph\"><\/p>\n\n\n\n<p class=\"wp-block-paragraph\"><\/p>\n\n\n\n<p class=\"wp-block-paragraph\"><\/p>\n\n\n\n<p class=\"wp-block-paragraph\"><\/p>\n\n\n\n<h3 class=\"wp-block-heading\"><strong>Programa de Berrea bajo las estrellas (2025) :<\/strong><\/h3>\n\n\n\n<p class=\"wp-block-paragraph\">El programa ser\u00e1 similar las dos fechas, puedes escoger la que m\u00e1s te interese.<\/p>\n\n\n\n<p class=\"wp-block-paragraph\"><strong>Mi\u00e9rcoles <\/strong><\/p>\n\n\n\n<ul class=\"wp-block-list\">\n<li>22:00 h. a 23.00 h. Observaci\u00f3n y explicaci\u00f3n del&nbsp; cielo nocturno a cargo de un monitor&nbsp; StarLight<\/li>\n<\/ul>\n\n\n\n<p class=\"wp-block-paragraph\"><strong>Jueves<\/strong><\/p>\n\n\n\n<ul class=\"wp-block-list\">\n<li>11:00 h. a 13:00 h.&nbsp; Paseo guiado interpretativo de huellas y rastros. <\/li>\n\n\n\n<li>18:00 h. a 21:00 h. Escucha y avistamiento de la berrea del ciervo. <\/li>\n\n\n\n<li>21:00 h.&nbsp; a 22:00 h. Anochece en la Sierra de Albarrac\u00edn. Interpretaci\u00f3n del cielo. Con monitor Starlight<\/li>\n<\/ul>\n\n\n\n<p class=\"wp-block-paragraph\"><strong>Viernes<\/strong><\/p>\n\n\n\n<ul class=\"wp-block-list\">\n<li>10:30 h a 13:30 h. visita guiada al Parque de Fauna, La Maleza.<\/li>\n<\/ul>\n\n\n\n<p class=\"wp-block-paragraph\">Los desplazamientos se har\u00e1n en veh\u00edculo propio.<\/p>\n\n\n\n<p class=\"wp-block-paragraph\">( A los inscritos se les enviar\u00e1 un programa  con las ubicaciones de las distintas actividades).<\/p>\n\n\n\n<h3 class=\"wp-block-heading\">Inscripci\u00f3n y precio:<\/h3>\n\n\n\n<ul class=\"wp-block-list\">\n<li><strong>Precios de Berrea bajo las estrellas<\/strong>&nbsp;(por participante):<\/li>\n<\/ul>\n\n\n\n<ul class=\"wp-block-list\">\n<li>15 \u20ac, alojados en<a href=\"https:\/\/albarracinturismo.com\/alojamientos-en-la-sierra-de-albarracin\/\">&nbsp;establecimientos&nbsp; asociados<\/a>&nbsp;a Turismo Sierra de Albarrac\u00edn.<\/li>\n\n\n\n<li>30 \u20ac, no alojados en establecimientos&nbsp; asociados a Turismo Sierra de Albarrac\u00edn.<\/li>\n<\/ul>\n\n\n\n<p class=\"wp-block-paragraph\">Ambos precios&nbsp; incluyen&nbsp;&nbsp;<strong>&nbsp;un vale por valor &nbsp;de:&nbsp; 10 \u20ac&nbsp;<\/strong>que&nbsp; se &nbsp;podr\u00e1n<strong>&nbsp;canjear &nbsp;en &nbsp;los&nbsp;<a href=\"https:\/\/albarracinturismo.com\/que-buscas\/\" target=\"_blank\" rel=\"noreferrer noopener\">establecimientos asociados a Turismo Sierra de Albarrac\u00edn<\/a><\/strong>, excepto alojamientos. <\/p>\n\n\n\n<h3 class=\"wp-block-heading\"><strong>Inscripci\u00f3n a&nbsp; Berrea bajo las estrellas<\/strong><\/h3>\n\n\n\n<p class=\"wp-block-paragraph\"><strong>Antes de inscribirte consulta&nbsp;<\/strong><a href=\"https:\/\/www.dropbox.com\/s\/3i1pshbhpu3w99m\/condiciones%20inscripci%C3%B3n%20berrea%20bajo%20las%20estrellas.doc?dl=0\" target=\"_blank\" rel=\"noreferrer noopener\"><strong>aqu\u00ed&nbsp;<\/strong><\/a><strong>las condiciones de inscripci\u00f3n &nbsp;(Imprescindible)<\/strong>.<\/p>\n\n\n\n<p class=\"wp-block-paragraph\"><strong>CONTRATA TU ACTIVIDAD AQU\u00cd: <\/strong><\/p>\n\n\n\n<a class=\"mec-booking-button mec-bg-color simple-booking\" href=\"#mec_booking285\">Contrata ya tu plaza<\/a>\n\n\n\n<p class=\"wp-block-paragraph\">Para cualquier duda no resuelta en la informaci\u00f3n anterior quedamos a tu disposici\u00f3n en el tel\u00e9fono 639 18 28 25 (De 10.00 a 15.00 horas, de lunes a viernes).<\/p>\n\n\n\n<div style=\"height:100px\" aria-hidden=\"true\" class=\"wp-block-spacer\"><\/div>\n\n\n\n<p class=\"wp-block-paragraph\"><strong>Red de enclaves para la escucha de la berrea:<\/strong><\/p>\n\n\n\n<p class=\"wp-block-paragraph\">Si no puedes venir en estas fechas, puedes venir por tu cuenta a escuchar la berrea en estos enclaves:<\/p>\n\n\n\n<p class=\"wp-block-paragraph\"><a href=\"https:\/\/albarracinturismo.com\/red-de-enclaves-para-la-berrea\">https:\/\/albarracinturismo.com\/red-de-enclaves-para-la-berrea<\/a><\/p>\n\n\n\n<div style=\"height:100px\" aria-hidden=\"true\" class=\"wp-block-spacer\"><\/div>\n\n\n\n<h2 class=\"wp-block-heading\">Donde alojarte:<\/h2>\n\n\n\n<h3 class=\"wp-block-heading has-vivid-red-color has-text-color has-link-color wp-elements-ca8025b07b41d51eb814391729b77bbe\"><strong>La Sierra de Albarrac\u00edn cuenta con una gran oferta de alojamientos que puedes consultar aqu\u00ed:<\/strong>&nbsp;&nbsp;todos estos alojamientos dan derecho a la tarifa reducida de inscripci\u00f3n a las jornadas<strong>&nbsp;y acceso preferente a las mismas<\/strong>:&nbsp;<a href=\"https:\/\/albarracinturismo.com\/alojamientos-en-la-sierra-de-albarracin\/\" target=\"_blank\" rel=\"noreferrer noopener\">Alojamientos.<\/a><\/h3>\n\n\n\n<p class=\"wp-block-paragraph\">O env\u00edanos el&nbsp;<a href=\"https:\/\/albarracinturismo.com\/consulta-los-alojamientos-disponibles\/\">formulario de consulta<\/a>&nbsp;para que te indiquemos disponibilidad seg\u00fan tus preferencias.<\/p>\n\n\n\n<p class=\"wp-block-paragraph\"><\/p>\n\n\n\n<h4 class=\"wp-block-heading\">Adem\u00e1s, Algunos establecimientos ofrecen descuentos en sus estancias por acudir a la actividad Berrea Bajo las Estrellas:<\/h4>\n\n\n\n<div class=\"wp-block-media-text alignwide is-stacked-on-mobile\" style=\"grid-template-columns:41% auto\"><figure class=\"wp-block-media-text__media\"><img decoding=\"async\" src=\"https:\/\/albarracinturismo.com\/wp-content\/uploads\/2018\/12\/Rodenas29.jpg\" alt=\"Espigas Altas\" class=\"wp-image-5919 size-full\"\/><\/figure><div class=\"wp-block-media-text__content\">\n<p class=\"wp-block-paragraph\" style=\"font-size:28px\"><a href=\"https:\/\/espigasaltas.es\/\" target=\"_blank\" rel=\"noreferrer noopener\">Casa rural Espigas altas (Rodenas)<\/a><\/p>\n\n\n\n<p class=\"wp-block-paragraph\">M\u00ednimo reserva de dos noches: 10% de descuento sobre tarifas en su <a href=\"https:\/\/espigasaltas.es\/tarifas\/\">web<\/a>.<\/p>\n\n\n\n<p class=\"wp-block-paragraph\"><strong>Contacto:<\/strong> mostrar el resguardo de la entrada. <\/p>\n\n\n\n<p class=\"wp-block-paragraph\">Tel\u00e9fono: <a href=\"http:\/\/(+34) 699245986\" target=\"_blank\" rel=\"noreferrer noopener\">(+34) 699 245 986<\/a><\/p>\n\n\n\n<p class=\"wp-block-paragraph\">e-mail:&nbsp;<a href=\"mailto:espigasaltas@espigasaltas.es\">espigasaltas@espigasaltas.es<\/a><\/p>\n<\/div><\/div>\n\n\n\n<div class=\"wp-block-media-text alignwide is-stacked-on-mobile\" style=\"grid-template-columns:41% auto\"><figure class=\"wp-block-media-text__media\"><img decoding=\"async\" src=\"https:\/\/albarracinturismo.com\/wp-content\/uploads\/2018\/03\/Posada-de-Santa-Ana-10-sierra-de-albarracin.jpg-900x600.jpg\" alt=\"\" class=\"wp-image-1527 size-full\"\/><\/figure><div class=\"wp-block-media-text__content\">\n<p class=\"wp-block-paragraph\" style=\"font-size:28px\"><a href=\"https:\/\/www.laposadadesantaana.com\/\" target=\"_blank\" rel=\"noreferrer noopener\">Posada de Santa Ana (Tramacastilla)<\/a><\/p>\n\n\n\n<p class=\"wp-block-paragraph\">M\u00ednimo reserva de dos noches: <strong>10% de descuento<\/strong> sobre <a href=\"https:\/\/laposadadesantaana.com\/reservas\/reservas.html\" target=\"_blank\" rel=\"noreferrer noopener\">tarifas<\/a> en su web.<\/p>\n\n\n\n<p class=\"wp-block-paragraph\"><strong>Contacto:<\/strong>\u00a0mostrar el resguardo de la entrada.<\/p>\n\n\n\n<p class=\"wp-block-paragraph\">Tel\u00e9fono:<a href=\"tel:(+34)978706112\">(+34) 978706112 ;&nbsp;&nbsp;<\/a><a href=\"tel:(+34)652807769\">(+34) 652807769<\/a><\/p>\n\n\n\n<p class=\"wp-block-paragraph\">E- mail:&nbsp;<a href=\"mailto:info@laposadadesantaana.com\">info@laposadadesantaana.com<\/a><\/p>\n<\/div><\/div>\n\n\n\n<div class=\"wp-block-media-text alignwide is-stacked-on-mobile\" style=\"grid-template-columns:41% auto\"><figure class=\"wp-block-media-text__media\"><img loading=\"lazy\" decoding=\"async\" width=\"900\" height=\"937\" src=\"https:\/\/albarracinturismo.com\/eventos\/wp-content\/uploads\/2022\/10\/albergue-griegos-4-1.jpg\" alt=\"\" class=\"wp-image-716 size-full\" srcset=\"https:\/\/albarracinturismo.com\/eventos\/\/wp-content\/uploads\/2022\/10\/albergue-griegos-4-1.jpg 900w, https:\/\/albarracinturismo.com\/eventos\/\/wp-content\/uploads\/2022\/10\/albergue-griegos-4-1-144x150.jpg 144w, https:\/\/albarracinturismo.com\/eventos\/\/wp-content\/uploads\/2022\/10\/albergue-griegos-4-1-600x625.jpg 600w, https:\/\/albarracinturismo.com\/eventos\/\/wp-content\/uploads\/2022\/10\/albergue-griegos-4-1-432x450.jpg 432w, https:\/\/albarracinturismo.com\/eventos\/\/wp-content\/uploads\/2022\/10\/albergue-griegos-4-1-768x800.jpg 768w\" sizes=\"auto, (max-width: 900px) 100vw, 900px\" \/><\/figure><div class=\"wp-block-media-text__content\">\n<p class=\"wp-block-paragraph\" style=\"font-size:28px\"><a href=\"http:\/\/www.alberguedegriegos.es\/\">Albergue de Griegos (Griegos)<\/a><\/p>\n\n\n\n<p class=\"wp-block-paragraph\">Oferta: <strong>10% de descuento sobre sus tarifas.<\/strong><\/p>\n\n\n\n<p class=\"wp-block-paragraph\"><strong>Contacto:<\/strong> mostrar el resguardo de la entrada. <\/p>\n\n\n\n<p class=\"wp-block-paragraph\">Tel\u00e9fono: <a href=\"http:\/\/(+34) 67628&nbsp;072\" target=\"_blank\" rel=\"noreferrer noopener\">(+34) 676&nbsp;28&nbsp;80&nbsp;72<\/a><\/p>\n\n\n\n<p class=\"wp-block-paragraph\">e-mail:&nbsp;<a href=\"mailto:alberguegriegos@gmail.com\">alberguegriegos@gmail.com<\/a><\/p>\n<\/div><\/div>\n\n\n\n<h3 class=\"wp-block-heading\"><strong>Empresas de gu\u00edas que ofrecen descuentos (en sus actividad) a los inscritos en en la actividad Berrea Bajo las Estrellas:<\/strong><\/h3>\n\n\n\n<div class=\"wp-block-media-text alignfull is-stacked-on-mobile\" style=\"grid-template-columns:41% auto\"><figure class=\"wp-block-media-text__media\"><img decoding=\"async\" src=\"https:\/\/albarracinturismo.com\/wp-content\/uploads\/2022\/04\/inspiralbarracin-900x673.jpg\" alt=\"Inspiralbarracin visitas guiadas\" class=\"wp-image-9157 size-full\"\/><\/figure><div class=\"wp-block-media-text__content\">\n<p class=\"wp-block-paragraph\" style=\"font-size:28px\"><a href=\"https:\/\/www.inspiralbarracin.es\/\">InspirAlbarrac\u00edn Visitas Guiadas (Albarrac\u00edn)<\/a><\/p>\n\n\n\n<p class=\"wp-block-paragraph\">Oferta del  16% de descuento en la visita guiada a Albarrac\u00edn que  se quedar\u00eda en tan solo 5\u20ac.&nbsp;<strong> <\/strong><\/p>\n\n\n\n<p class=\"wp-block-paragraph\"><strong>Contacto:<\/strong>\u00a0mostrar el resguardo de la entrada. <\/p>\n\n\n\n<p class=\"wp-block-paragraph\">Tel\u00e9fono: &nbsp;<a href=\"tel:+34722 834 058\">722 834 058<\/a>&nbsp;\u2013&nbsp;<a href=\"http:\/\/+34722830423\/\">722 830 423<\/a><\/p>\n\n\n\n<p class=\"wp-block-paragraph\">E-mail:&nbsp;<a href=\"mailto:visitasguiadas@inspiralbarracin.es\">visitasguiadas@inspiralbarracin.es<\/a><\/p>\n<\/div><\/div>\n\n\n\n<div class=\"wp-block-media-text alignwide is-stacked-on-mobile\" style=\"grid-template-columns:41% auto\"><figure class=\"wp-block-media-text__media\"><img loading=\"lazy\" decoding=\"async\" width=\"950\" height=\"634\" src=\"https:\/\/albarracinturismo.com\/eventos\/wp-content\/uploads\/2022\/10\/Visitas-guiadas-El-Andador-Albarracin-y-Casa-Perez-Toyuela-3-950x634.jpg\" alt=\"\" class=\"wp-image-732 size-full\" srcset=\"https:\/\/albarracinturismo.com\/eventos\/\/wp-content\/uploads\/2022\/10\/Visitas-guiadas-El-Andador-Albarracin-y-Casa-Perez-Toyuela-3-950x634.jpg 950w, https:\/\/albarracinturismo.com\/eventos\/\/wp-content\/uploads\/2022\/10\/Visitas-guiadas-El-Andador-Albarracin-y-Casa-Perez-Toyuela-3-scaled-150x100.jpg 150w, https:\/\/albarracinturismo.com\/eventos\/\/wp-content\/uploads\/2022\/10\/Visitas-guiadas-El-Andador-Albarracin-y-Casa-Perez-Toyuela-3-scaled-600x401.jpg 600w, https:\/\/albarracinturismo.com\/eventos\/\/wp-content\/uploads\/2022\/10\/Visitas-guiadas-El-Andador-Albarracin-y-Casa-Perez-Toyuela-3-450x300.jpg 450w, https:\/\/albarracinturismo.com\/eventos\/\/wp-content\/uploads\/2022\/10\/Visitas-guiadas-El-Andador-Albarracin-y-Casa-Perez-Toyuela-3-768x513.jpg 768w, https:\/\/albarracinturismo.com\/eventos\/\/wp-content\/uploads\/2022\/10\/Visitas-guiadas-El-Andador-Albarracin-y-Casa-Perez-Toyuela-3-391x260.jpg 391w, https:\/\/albarracinturismo.com\/eventos\/\/wp-content\/uploads\/2022\/10\/Visitas-guiadas-El-Andador-Albarracin-y-Casa-Perez-Toyuela-3-1536x1025.jpg 1536w, https:\/\/albarracinturismo.com\/eventos\/\/wp-content\/uploads\/2022\/10\/Visitas-guiadas-El-Andador-Albarracin-y-Casa-Perez-Toyuela-3-2048x1367.jpg 2048w\" sizes=\"auto, (max-width: 950px) 100vw, 950px\" \/><\/figure><div class=\"wp-block-media-text__content\">\n<p class=\"wp-block-paragraph\" style=\"font-size:27px\"><a href=\"https:\/\/www.elandadoralbarracin.es\/\" target=\"_blank\" rel=\"noreferrer noopener\">Andador Visitas Guiadas (Albarrac\u00edn)<\/a><\/p>\n\n\n\n<p class=\"wp-block-paragraph\">Oferta del 16% de descuento en la visita guiada sobre las tarifas de su <a href=\"https:\/\/www.elandadoralbarracin.es\/calendario-visitas-reservas\/\" target=\"_blank\" rel=\"noreferrer noopener\">web<\/a><\/p>\n\n\n\n<p class=\"wp-block-paragraph\">Visita de ALBARRAC\u00cdN\u00a0+ CASONA a 9 \u20ac\u00a0(descuento del 16% sobre tarifa)<\/p>\n\n\n\n<p class=\"wp-block-paragraph\"><strong>Contacto:<\/strong> mostrar el resguardo de la entrada. <\/p>\n\n\n\n<p class=\"wp-block-paragraph\">Tel\u00e9fono: <a rel=\"noreferrer noopener\" href=\"http:\/\/58.85.200.93\/\" target=\"_blank\"><strong>978 700 381<\/strong><\/a> &#8211; <a rel=\"noreferrer noopener\" href=\"http:\/\/39.197.150.185\/\" target=\"_blank\"><strong>667 260 601<\/strong><\/a><\/p>\n\n\n\n<p class=\"wp-block-paragraph\">E-mail:&nbsp;<strong><a href=\"mailto:visitasguiadas@elandador.es\">visitasguiadas@elandador.es<\/a><\/strong><\/p>\n<\/div><\/div>\n\n\n\n<h3 class=\"wp-block-heading\">Servicios que ofrecen descuentos a los inscritos en Berrea bajo las estrellas: <\/h3>\n\n\n\n<div class=\"wp-block-media-text alignwide is-stacked-on-mobile\" style=\"grid-template-columns:41% auto\"><figure class=\"wp-block-media-text__media\"><img loading=\"lazy\" decoding=\"async\" width=\"950\" height=\"632\" src=\"https:\/\/albarracinturismo.com\/eventos\/\/wp-content\/uploads\/2022\/06\/Museo-de-Juguetes-Albarracin-9-950x632.jpg\" alt=\"\" class=\"wp-image-1346 size-full\" srcset=\"https:\/\/albarracinturismo.com\/eventos\/\/wp-content\/uploads\/2022\/06\/Museo-de-Juguetes-Albarracin-9-950x632.jpg 950w, https:\/\/albarracinturismo.com\/eventos\/\/wp-content\/uploads\/2022\/06\/Museo-de-Juguetes-Albarracin-9-450x299.jpg 450w, https:\/\/albarracinturismo.com\/eventos\/\/wp-content\/uploads\/2022\/06\/Museo-de-Juguetes-Albarracin-9-768x511.jpg 768w, https:\/\/albarracinturismo.com\/eventos\/\/wp-content\/uploads\/2022\/06\/Museo-de-Juguetes-Albarracin-9-391x260.jpg 391w, https:\/\/albarracinturismo.com\/eventos\/\/wp-content\/uploads\/2022\/06\/Museo-de-Juguetes-Albarracin-9-1536x1022.jpg 1536w, https:\/\/albarracinturismo.com\/eventos\/\/wp-content\/uploads\/2022\/06\/Museo-de-Juguetes-Albarracin-9-2048x1362.jpg 2048w, https:\/\/albarracinturismo.com\/eventos\/\/wp-content\/uploads\/2022\/06\/Museo-de-Juguetes-Albarracin-9-600x399.jpg 600w, https:\/\/albarracinturismo.com\/eventos\/\/wp-content\/uploads\/2022\/06\/Museo-de-Juguetes-Albarracin-9-150x100.jpg 150w\" sizes=\"auto, (max-width: 950px) 100vw, 950px\" \/><\/figure><div class=\"wp-block-media-text__content\">\n<p class=\"wp-block-paragraph\" style=\"font-size:27px\"><a href=\"https:\/\/albarracinturismo.com\/item\/museo-de-juguetes\/\" target=\"_blank\" rel=\"noreferrer noopener\">Museo de Juguetes de Albarrac\u00edn  (Albarrac\u00edn)<\/a><\/p>\n\n\n\n<p class=\"wp-block-paragraph\"><strong>Descuento en la entrada de adultos<\/strong>. Precio con descuento: 3\u20ac\/ entrada adulto. <\/p>\n\n\n\n<p class=\"wp-block-paragraph\"><strong>Descuentos<\/strong> del 10% <strong>en los art\u00edculos de su tienda. <\/strong><\/p>\n\n\n\n<p class=\"wp-block-paragraph\"><strong>Contacto:<\/strong>\u00a0mostrar el resguardo de la entrada. <\/p>\n\n\n\n<p class=\"wp-block-paragraph\">Tel\u00e9fono: 978 710 282<\/p>\n\n\n\n<p class=\"wp-block-paragraph\">E-mail:\u00a0<a href=\"mailto:informacion@museodejuguetes.com\">informacion@museodejuguetes.com<\/a><\/p>\n<\/div><\/div>\n\n\n\n<div class=\"wp-block-media-text alignwide is-stacked-on-mobile\" style=\"grid-template-columns:41% auto\"><figure class=\"wp-block-media-text__media\"><img loading=\"lazy\" decoding=\"async\" width=\"950\" height=\"688\" src=\"https:\/\/albarracinturismo.com\/eventos\/\/wp-content\/uploads\/2024\/05\/Tienda-de-recuerdos-Albarracin--950x688.jpeg\" alt=\"\" class=\"wp-image-1602 size-full\" srcset=\"https:\/\/albarracinturismo.com\/eventos\/\/wp-content\/uploads\/2024\/05\/Tienda-de-recuerdos-Albarracin--950x688.jpeg 950w, https:\/\/albarracinturismo.com\/eventos\/\/wp-content\/uploads\/2024\/05\/Tienda-de-recuerdos-Albarracin--450x326.jpeg 450w, https:\/\/albarracinturismo.com\/eventos\/\/wp-content\/uploads\/2024\/05\/Tienda-de-recuerdos-Albarracin--768x556.jpeg 768w, https:\/\/albarracinturismo.com\/eventos\/\/wp-content\/uploads\/2024\/05\/Tienda-de-recuerdos-Albarracin--600x435.jpeg 600w, https:\/\/albarracinturismo.com\/eventos\/\/wp-content\/uploads\/2024\/05\/Tienda-de-recuerdos-Albarracin--150x109.jpeg 150w, https:\/\/albarracinturismo.com\/eventos\/\/wp-content\/uploads\/2024\/05\/Tienda-de-recuerdos-Albarracin-.jpeg 1331w\" sizes=\"auto, (max-width: 950px) 100vw, 950px\" \/><\/figure><div class=\"wp-block-media-text__content\">\n<p class=\"wp-block-paragraph\" style=\"font-size:27px\"><a href=\"https:\/\/albarracinturismo.com\/item\/tienda-de-recuerdos-de-albarracin\/\">Souvenirs El Alc\u00e1zar (Albarrac\u00edn)<\/a><\/p>\n\n\n\n<p class=\"wp-block-paragraph\"><strong>Descuentos<\/strong> del 10% <strong>en los art\u00edculos de su tienda. <\/strong><\/p>\n\n\n\n<p class=\"wp-block-paragraph\"><strong>Contacto:<\/strong>&nbsp;mostrar el resguardo de la entrada. <\/p>\n\n\n\n<p class=\"wp-block-paragraph\">C\/ del chorro, n\u00ba 9. Bajo. Albarrac\u00edn<\/p>\n\n\n\n<p class=\"wp-block-paragraph\"><\/p>\n<\/div><\/div>\n\n\n\n<hr class=\"wp-block-separator has-alpha-channel-opacity\"\/>\n\n\n\n<ul class=\"wp-block-list\">\n<li><\/li>\n<\/ul>\n\n\n\n<p class=\"wp-block-paragraph\"><\/p>\n","protected":false},"excerpt":{"rendered":"<p>El sonido de la berrea del ciervo en los bosques de la Sierra de Albarrac\u00edn al comienzo de oto\u00f1o es estremecedor; los bramidos reverberan en toda la foresta alternando con el choque de las cuernas&nbsp; provocando sensaciones \u00fanicas en quienes los escuchan. La evocaci\u00f3n del&nbsp; rito ancestral del apareamiento animal, la sensaci\u00f3n de comulgar con [&hellip;]<\/p>\n","protected":false},"author":1,"featured_media":2467,"comment_status":"closed","ping_status":"closed","template":"","tags":[180,123,56,34,22],"mec_category":[33,19],"class_list":["post-285","mec-events","type-mec-events","status-publish","has-post-thumbnail","hentry","tag-astroturismo","tag-berrea","tag-fauna","tag-naturaleza","tag-sierra-de-albarracin","mec_category-cursos-jornadas-y-talleres","mec_category-eventos-en-la-naturaleza"],"yoast_head":"<!-- This site is optimized with the Yoast SEO plugin v28.3 - https:\/\/yoast.com\/product\/yoast-seo-wordpress\/ -->\n<title>BERREA BAJO LAS ESTRELLAS - Eventos en la Sierra de Albarrac\u00edn<\/title>\n<meta name=\"description\" content=\"Reserva ya tu plaza para Berrea bajo las estrellas 2025. Tres d\u00edas de actividades en plena naturaleza en la Sierra de Albarrac\u00edn.\" \/>\n<meta name=\"robots\" content=\"index, follow, max-snippet:-1, max-image-preview:large, max-video-preview:-1\" \/>\n<link rel=\"canonical\" href=\"https:\/\/albarracinturismo.com\/eventos\/actividades\/berrea-bajo-las-estrellas\/\" \/>\n<meta property=\"og:locale\" content=\"es_ES\" \/>\n<meta property=\"og:type\" content=\"article\" \/>\n<meta property=\"og:title\" content=\"BERREA BAJO LAS ESTRELLAS - Eventos en la Sierra de Albarrac\u00edn\" \/>\n<meta property=\"og:description\" content=\"Reserva ya tu plaza para Berrea bajo las estrellas 2025. Tres d\u00edas de actividades en plena naturaleza en la Sierra de Albarrac\u00edn.\" \/>\n<meta property=\"og:url\" content=\"https:\/\/albarracinturismo.com\/eventos\/actividades\/berrea-bajo-las-estrellas\/\" \/>\n<meta property=\"og:site_name\" content=\"Eventos en la Sierra de Albarrac\u00edn\" \/>\n<meta property=\"article:publisher\" content=\"https:\/\/www.facebook.com\/turismosierradealbarracin\/\" \/>\n<meta property=\"article:modified_time\" content=\"2025-09-25T09:09:50+00:00\" \/>\n<meta property=\"og:image\" content=\"https:\/\/albarracinturismo.com\/eventos\/\/wp-content\/uploads\/2022\/06\/BERREA-2025-scaled.jpg\" \/>\n\t<meta property=\"og:image:width\" content=\"2222\" \/>\n\t<meta property=\"og:image:height\" content=\"2560\" \/>\n\t<meta property=\"og:image:type\" content=\"image\/jpeg\" \/>\n<meta name=\"twitter:card\" content=\"summary_large_image\" \/>\n<meta name=\"twitter:site\" content=\"@aetsa\" \/>\n<meta name=\"twitter:label1\" content=\"Tiempo de lectura\" \/>\n\t<meta name=\"twitter:data1\" content=\"1 minuto\" \/>\n<script type=\"application\/ld+json\" class=\"yoast-schema-graph\">{\"@context\":\"https:\\\/\\\/schema.org\",\"@graph\":[{\"@type\":\"WebPage\",\"@id\":\"https:\\\/\\\/albarracinturismo.com\\\/eventos\\\/actividades\\\/berrea-bajo-las-estrellas\\\/\",\"url\":\"https:\\\/\\\/albarracinturismo.com\\\/eventos\\\/actividades\\\/berrea-bajo-las-estrellas\\\/\",\"name\":\"BERREA BAJO LAS ESTRELLAS - Eventos en la Sierra de Albarrac\u00edn\",\"isPartOf\":{\"@id\":\"https:\\\/\\\/albarracinturismo.com\\\/eventos\\\/#website\"},\"primaryImageOfPage\":{\"@id\":\"https:\\\/\\\/albarracinturismo.com\\\/eventos\\\/actividades\\\/berrea-bajo-las-estrellas\\\/#primaryimage\"},\"image\":{\"@id\":\"https:\\\/\\\/albarracinturismo.com\\\/eventos\\\/actividades\\\/berrea-bajo-las-estrellas\\\/#primaryimage\"},\"thumbnailUrl\":\"https:\\\/\\\/albarracinturismo.com\\\/eventos\\\/\\\/wp-content\\\/uploads\\\/2022\\\/06\\\/BERREA-2025-scaled.jpg\",\"datePublished\":\"2022-06-30T15:00:24+00:00\",\"dateModified\":\"2025-09-25T09:09:50+00:00\",\"description\":\"Reserva ya tu plaza para Berrea bajo las estrellas 2025. Tres d\u00edas de actividades en plena naturaleza en la Sierra de Albarrac\u00edn.\",\"breadcrumb\":{\"@id\":\"https:\\\/\\\/albarracinturismo.com\\\/eventos\\\/actividades\\\/berrea-bajo-las-estrellas\\\/#breadcrumb\"},\"inLanguage\":\"es\",\"potentialAction\":[{\"@type\":\"ReadAction\",\"target\":[\"https:\\\/\\\/albarracinturismo.com\\\/eventos\\\/actividades\\\/berrea-bajo-las-estrellas\\\/\"]}]},{\"@type\":\"ImageObject\",\"inLanguage\":\"es\",\"@id\":\"https:\\\/\\\/albarracinturismo.com\\\/eventos\\\/actividades\\\/berrea-bajo-las-estrellas\\\/#primaryimage\",\"url\":\"https:\\\/\\\/albarracinturismo.com\\\/eventos\\\/\\\/wp-content\\\/uploads\\\/2022\\\/06\\\/BERREA-2025-scaled.jpg\",\"contentUrl\":\"https:\\\/\\\/albarracinturismo.com\\\/eventos\\\/\\\/wp-content\\\/uploads\\\/2022\\\/06\\\/BERREA-2025-scaled.jpg\",\"width\":2222,\"height\":2560},{\"@type\":\"BreadcrumbList\",\"@id\":\"https:\\\/\\\/albarracinturismo.com\\\/eventos\\\/actividades\\\/berrea-bajo-las-estrellas\\\/#breadcrumb\",\"itemListElement\":[{\"@type\":\"ListItem\",\"position\":1,\"name\":\"Portada\",\"item\":\"https:\\\/\\\/albarracinturismo.com\\\/eventos\\\/\"},{\"@type\":\"ListItem\",\"position\":2,\"name\":\"Eventos\",\"item\":\"https:\\\/\\\/albarracinturismo.com\\\/eventos\\\/actividades\\\/\"},{\"@type\":\"ListItem\",\"position\":3,\"name\":\"BERREA BAJO LAS ESTRELLAS\"}]},{\"@type\":\"WebSite\",\"@id\":\"https:\\\/\\\/albarracinturismo.com\\\/eventos\\\/#website\",\"url\":\"https:\\\/\\\/albarracinturismo.com\\\/eventos\\\/\",\"name\":\"Eventos en la Sierra de Albarrac\u00edn\",\"description\":\"Eventos deportivos, en la naturaleza y muchos m\u00e1s en la Sierra de Albarrac\u00edn\",\"publisher\":{\"@id\":\"https:\\\/\\\/albarracinturismo.com\\\/eventos\\\/#organization\"},\"potentialAction\":[{\"@type\":\"SearchAction\",\"target\":{\"@type\":\"EntryPoint\",\"urlTemplate\":\"https:\\\/\\\/albarracinturismo.com\\\/eventos\\\/?s={search_term_string}\"},\"query-input\":{\"@type\":\"PropertyValueSpecification\",\"valueRequired\":true,\"valueName\":\"search_term_string\"}}],\"inLanguage\":\"es\"},{\"@type\":\"Organization\",\"@id\":\"https:\\\/\\\/albarracinturismo.com\\\/eventos\\\/#organization\",\"name\":\"Eventos en la Sierra de Albarrac\u00edn\",\"url\":\"https:\\\/\\\/albarracinturismo.com\\\/eventos\\\/\",\"logo\":{\"@type\":\"ImageObject\",\"inLanguage\":\"es\",\"@id\":\"https:\\\/\\\/albarracinturismo.com\\\/eventos\\\/#\\\/schema\\\/logo\\\/image\\\/\",\"url\":\"https:\\\/\\\/albarracinturismo.com\\\/eventos\\\/\\\/wp-content\\\/uploads\\\/2022\\\/06\\\/logo-aetsa.png\",\"contentUrl\":\"https:\\\/\\\/albarracinturismo.com\\\/eventos\\\/\\\/wp-content\\\/uploads\\\/2022\\\/06\\\/logo-aetsa.png\",\"width\":389,\"height\":195,\"caption\":\"Eventos en la Sierra de Albarrac\u00edn\"},\"image\":{\"@id\":\"https:\\\/\\\/albarracinturismo.com\\\/eventos\\\/#\\\/schema\\\/logo\\\/image\\\/\"},\"sameAs\":[\"https:\\\/\\\/www.facebook.com\\\/turismosierradealbarracin\\\/\",\"https:\\\/\\\/x.com\\\/aetsa\",\"https:\\\/\\\/www.instagram.com\\\/albarracinturismo\\\/\"]}]}<\/script>\n<!-- \/ Yoast SEO plugin. -->","yoast_head_json":{"title":"BERREA BAJO LAS ESTRELLAS - Eventos en la Sierra de Albarrac\u00edn","description":"Reserva ya tu plaza para Berrea bajo las estrellas 2025. Tres d\u00edas de actividades en plena naturaleza en la Sierra de Albarrac\u00edn.","robots":{"index":"index","follow":"follow","max-snippet":"max-snippet:-1","max-image-preview":"max-image-preview:large","max-video-preview":"max-video-preview:-1"},"canonical":"https:\/\/albarracinturismo.com\/eventos\/actividades\/berrea-bajo-las-estrellas\/","og_locale":"es_ES","og_type":"article","og_title":"BERREA BAJO LAS ESTRELLAS - Eventos en la Sierra de Albarrac\u00edn","og_description":"Reserva ya tu plaza para Berrea bajo las estrellas 2025. Tres d\u00edas de actividades en plena naturaleza en la Sierra de Albarrac\u00edn.","og_url":"https:\/\/albarracinturismo.com\/eventos\/actividades\/berrea-bajo-las-estrellas\/","og_site_name":"Eventos en la Sierra de Albarrac\u00edn","article_publisher":"https:\/\/www.facebook.com\/turismosierradealbarracin\/","article_modified_time":"2025-09-25T09:09:50+00:00","og_image":[{"width":2222,"height":2560,"url":"https:\/\/albarracinturismo.com\/eventos\/\/wp-content\/uploads\/2022\/06\/BERREA-2025-scaled.jpg","type":"image\/jpeg"}],"twitter_card":"summary_large_image","twitter_site":"@aetsa","twitter_misc":{"Tiempo de lectura":"1 minuto"},"schema":{"@context":"https:\/\/schema.org","@graph":[{"@type":"WebPage","@id":"https:\/\/albarracinturismo.com\/eventos\/actividades\/berrea-bajo-las-estrellas\/","url":"https:\/\/albarracinturismo.com\/eventos\/actividades\/berrea-bajo-las-estrellas\/","name":"BERREA BAJO LAS ESTRELLAS - Eventos en la Sierra de Albarrac\u00edn","isPartOf":{"@id":"https:\/\/albarracinturismo.com\/eventos\/#website"},"primaryImageOfPage":{"@id":"https:\/\/albarracinturismo.com\/eventos\/actividades\/berrea-bajo-las-estrellas\/#primaryimage"},"image":{"@id":"https:\/\/albarracinturismo.com\/eventos\/actividades\/berrea-bajo-las-estrellas\/#primaryimage"},"thumbnailUrl":"https:\/\/albarracinturismo.com\/eventos\/\/wp-content\/uploads\/2022\/06\/BERREA-2025-scaled.jpg","datePublished":"2022-06-30T15:00:24+00:00","dateModified":"2025-09-25T09:09:50+00:00","description":"Reserva ya tu plaza para Berrea bajo las estrellas 2025. Tres d\u00edas de actividades en plena naturaleza en la Sierra de Albarrac\u00edn.","breadcrumb":{"@id":"https:\/\/albarracinturismo.com\/eventos\/actividades\/berrea-bajo-las-estrellas\/#breadcrumb"},"inLanguage":"es","potentialAction":[{"@type":"ReadAction","target":["https:\/\/albarracinturismo.com\/eventos\/actividades\/berrea-bajo-las-estrellas\/"]}]},{"@type":"ImageObject","inLanguage":"es","@id":"https:\/\/albarracinturismo.com\/eventos\/actividades\/berrea-bajo-las-estrellas\/#primaryimage","url":"https:\/\/albarracinturismo.com\/eventos\/\/wp-content\/uploads\/2022\/06\/BERREA-2025-scaled.jpg","contentUrl":"https:\/\/albarracinturismo.com\/eventos\/\/wp-content\/uploads\/2022\/06\/BERREA-2025-scaled.jpg","width":2222,"height":2560},{"@type":"BreadcrumbList","@id":"https:\/\/albarracinturismo.com\/eventos\/actividades\/berrea-bajo-las-estrellas\/#breadcrumb","itemListElement":[{"@type":"ListItem","position":1,"name":"Portada","item":"https:\/\/albarracinturismo.com\/eventos\/"},{"@type":"ListItem","position":2,"name":"Eventos","item":"https:\/\/albarracinturismo.com\/eventos\/actividades\/"},{"@type":"ListItem","position":3,"name":"BERREA BAJO LAS ESTRELLAS"}]},{"@type":"WebSite","@id":"https:\/\/albarracinturismo.com\/eventos\/#website","url":"https:\/\/albarracinturismo.com\/eventos\/","name":"Eventos en la Sierra de Albarrac\u00edn","description":"Eventos deportivos, en la naturaleza y muchos m\u00e1s en la Sierra de Albarrac\u00edn","publisher":{"@id":"https:\/\/albarracinturismo.com\/eventos\/#organization"},"potentialAction":[{"@type":"SearchAction","target":{"@type":"EntryPoint","urlTemplate":"https:\/\/albarracinturismo.com\/eventos\/?s={search_term_string}"},"query-input":{"@type":"PropertyValueSpecification","valueRequired":true,"valueName":"search_term_string"}}],"inLanguage":"es"},{"@type":"Organization","@id":"https:\/\/albarracinturismo.com\/eventos\/#organization","name":"Eventos en la Sierra de Albarrac\u00edn","url":"https:\/\/albarracinturismo.com\/eventos\/","logo":{"@type":"ImageObject","inLanguage":"es","@id":"https:\/\/albarracinturismo.com\/eventos\/#\/schema\/logo\/image\/","url":"https:\/\/albarracinturismo.com\/eventos\/\/wp-content\/uploads\/2022\/06\/logo-aetsa.png","contentUrl":"https:\/\/albarracinturismo.com\/eventos\/\/wp-content\/uploads\/2022\/06\/logo-aetsa.png","width":389,"height":195,"caption":"Eventos en la Sierra de Albarrac\u00edn"},"image":{"@id":"https:\/\/albarracinturismo.com\/eventos\/#\/schema\/logo\/image\/"},"sameAs":["https:\/\/www.facebook.com\/turismosierradealbarracin\/","https:\/\/x.com\/aetsa","https:\/\/www.instagram.com\/albarracinturismo\/"]}]}},"_links":{"self":[{"href":"https:\/\/albarracinturismo.com\/eventos\/wp-json\/wp\/v2\/mec-events\/285","targetHints":{"allow":["GET"]}}],"collection":[{"href":"https:\/\/albarracinturismo.com\/eventos\/wp-json\/wp\/v2\/mec-events"}],"about":[{"href":"https:\/\/albarracinturismo.com\/eventos\/wp-json\/wp\/v2\/types\/mec-events"}],"author":[{"embeddable":true,"href":"https:\/\/albarracinturismo.com\/eventos\/wp-json\/wp\/v2\/users\/1"}],"replies":[{"embeddable":true,"href":"https:\/\/albarracinturismo.com\/eventos\/wp-json\/wp\/v2\/comments?post=285"}],"wp:featuredmedia":[{"embeddable":true,"href":"https:\/\/albarracinturismo.com\/eventos\/wp-json\/wp\/v2\/media\/2467"}],"wp:attachment":[{"href":"https:\/\/albarracinturismo.com\/eventos\/wp-json\/wp\/v2\/media?parent=285"}],"wp:term":[{"taxonomy":"post_tag","embeddable":true,"href":"https:\/\/albarracinturismo.com\/eventos\/wp-json\/wp\/v2\/tags?post=285"},{"taxonomy":"mec_category","embeddable":true,"href":"https:\/\/albarracinturismo.com\/eventos\/wp-json\/wp\/v2\/mec_category?post=285"}],"curies":[{"name":"wp","href":"https:\/\/api.w.org\/{rel}","templated":true}]}}